{"id":822,"date":"2022-12-11T20:42:20","date_gmt":"2022-12-11T20:42:20","guid":{"rendered":"https:\/\/fewo-kohrt-ostsee.de\/?page_id=822"},"modified":"2026-01-05T18:24:13","modified_gmt":"2026-01-05T18:24:13","slug":"eckernfoerde","status":"publish","type":"page","link":"https:\/\/fewo-kohrt-ostsee.de\/?page_id=822","title":{"rendered":"Eckernf\u00f6rde"},"content":{"rendered":"\t\t<div data-elementor-type=\"wp-page\" data-elementor-id=\"822\" class=\"elementor elementor-822\" data-elementor-post-type=\"page\">\n\t\t\t\t\t\t<section class=\"elementor-section elementor-top-section elementor-element elementor-element-7ac04268 elementor-section-height-min-height elementor-section-full_width elementor-section-content-middle elementor-section-height-default elementor-section-items-middle\" data-id=\"7ac04268\" data-element_type=\"section\" data-e-type=\"section\" data-settings=\"{&quot;background_background&quot;:&quot;classic&quot;}\">\n\t\t\t\t\t\t\t<div class=\"elementor-background-overlay\"><\/div>\n\t\t\t\t\t\t\t<div class=\"elementor-container elementor-column-gap-no\">\n\t\t\t\t\t<div class=\"elementor-column elementor-col-100 elementor-top-column elementor-element elementor-element-2e493fe8\" data-id=\"2e493fe8\" data-element_type=\"column\" data-e-type=\"column\">\n\t\t\t<div class=\"elementor-widget-wrap elementor-element-populated\">\n\t\t\t\t\t\t<div class=\"elementor-element elementor-element-6ef3b112 elementor-widget elementor-widget-heading\" data-id=\"6ef3b112\" data-element_type=\"widget\" data-e-type=\"widget\" data-widget_type=\"heading.default\">\n\t\t\t\t<div class=\"elementor-widget-container\">\n\t\t\t\t\t<h2 class=\"elementor-heading-title elementor-size-default\">Geniessen <i>Sie Ihren Urlaub an der Ostsee<\/i><\/h2>\t\t\t\t<\/div>\n\t\t\t\t<\/div>\n\t\t\t\t<div class=\"elementor-element elementor-element-7a1d2c90 elementor-widget elementor-widget-heading\" data-id=\"7a1d2c90\" data-element_type=\"widget\" data-e-type=\"widget\" data-widget_type=\"heading.default\">\n\t\t\t\t<div class=\"elementor-widget-container\">\n\t\t\t\t\t<h1 class=\"elementor-heading-title elementor-size-default\"><i>FeWo - Kohrt  - Eckernf\u00f6rde<\/i><\/h1>\t\t\t\t<\/div>\n\t\t\t\t<\/div>\n\t\t\t\t<div class=\"elementor-element elementor-element-b99542e envato-kit-97-down-arrow animated-slow elementor-view-default elementor-invisible elementor-widget elementor-widget-icon\" data-id=\"b99542e\" data-element_type=\"widget\" data-e-type=\"widget\" data-settings=\"{&quot;_animation&quot;:&quot;fadeInDown&quot;,&quot;_animation_delay&quot;:1200}\" data-widget_type=\"icon.default\">\n\t\t\t\t<div class=\"elementor-widget-container\">\n\t\t\t\t\t\t\t<div class=\"elementor-icon-wrapper\">\n\t\t\t<a class=\"elementor-icon\" href=\"#welcome\">\n\t\t\t<i aria-hidden=\"true\" class=\"fas fa-arrow-down\"><\/i>\t\t\t<\/a>\n\t\t<\/div>\n\t\t\t\t\t\t<\/div>\n\t\t\t\t<\/div>\n\t\t\t\t\t<\/div>\n\t\t<\/div>\n\t\t\t\t\t<\/div>\n\t\t<\/section>\n\t\t\t\t<section class=\"elementor-section elementor-top-section elementor-element elementor-element-3df9395a elementor-section-full_width elementor-section-height-default elementor-section-height-default\" data-id=\"3df9395a\" data-element_type=\"section\" data-e-type=\"section\" data-settings=\"{&quot;background_background&quot;:&quot;classic&quot;}\">\n\t\t\t\t\t\t<div class=\"elementor-container elementor-column-gap-wider\">\n\t\t\t\t\t<div class=\"elementor-column elementor-col-100 elementor-top-column elementor-element elementor-element-8c0b850\" data-id=\"8c0b850\" data-element_type=\"column\" data-e-type=\"column\">\n\t\t\t<div class=\"elementor-widget-wrap elementor-element-populated\">\n\t\t\t\t\t\t<div class=\"elementor-element elementor-element-56de7ca elementor-widget elementor-widget-heading\" data-id=\"56de7ca\" data-element_type=\"widget\" data-e-type=\"widget\" data-widget_type=\"heading.default\">\n\t\t\t\t<div class=\"elementor-widget-container\">\n\t\t\t\t\t<h2 class=\"elementor-heading-title elementor-size-default\">Aktivit\u00e4ten und Veranstaltungen<\/h2>\t\t\t\t<\/div>\n\t\t\t\t<\/div>\n\t\t\t\t<div class=\"elementor-element elementor-element-7ba9d62 elementor-widget elementor-widget-text-editor\" data-id=\"7ba9d62\" data-element_type=\"widget\" data-e-type=\"widget\" data-widget_type=\"text-editor.default\">\n\t\t\t\t<div class=\"elementor-widget-container\">\n\t\t\t\t\t\t\t\t\t<p>In und um Eckernf\u00f6rde herum gibt es viel zu Erleben. Der Reiz und das maritime Flair kommt in jeder Jahreszeit zum Tragen und bietet Jung und Alt eine Vielzahl von M\u00f6glichkeiten die Urlaubszeit zu verleben. Die vielen<strong>\u00a0<a href=\"https:\/\/www.eckernfoerde.de\/Schnellnavigation\/Startseite\/Verkaufsoffene-Sonn-und-Feiertage.php?object=tx,3457.6&amp;ModID=7&amp;FID=2460.6535.1&amp;NavID=2460.17\" target=\"_blank\" rel=\"noopener\">verkaufsoffenen Sonn- und Feiertage<\/a><\/strong> tragen dazu bei die Innenstadt zu erkunden und zu shoppen. Wer gerne mobil mit dem Fahrrad unterwegs sein m\u00f6chte, kann auf das <strong><a href=\"https:\/\/www.eckernfoerde.de\/Schnellnavigation\/Startseite\/Neues-von-der-Sprottenflotte.php?object=tx,3457.6&amp;ModID=7&amp;FID=3457.2086.1&amp;NavID=2460.17\" target=\"_blank\" rel=\"noopener\">Bikesharing-System &#8222;Sprottenflotte&#8220;<\/a><\/strong> zur\u00fcckgreifen. Mit oder ohne E-Antrieb und sogar mit dem Lastenfahrrad l\u00e4sst sich die Region bequem erkunden. Der Eckernf\u00f6rder Strand darf gerne als Highlight bezeichnet werden. Hier bieten sich viele M\u00f6glichkeiten das Erlebnis Ostsee hautnah zu genie\u00dfen. Die Eckernf\u00f6rder Touristik ist bei der Vermietung von <a href=\"https:\/\/www.ostseebad-eckernfoerde.de\/strandkorb-buchung\" target=\"_blank\" rel=\"noopener\"><strong>Strandk\u00f6rben<\/strong><\/a> gerne behilflich. Hier finden Sie auch den <a href=\"https:\/\/www.ostseebad-eckernfoerde.de\/veranstaltungskalender?secraback=true&amp;secracuid=2b944dbc4f7378bf37a3346ec1a34f53&amp;secrapage=vkalender\" target=\"_blank\" rel=\"noopener\"><strong>Veranstaltungskalender<\/strong><\/a> der Eckernf\u00f6rder Bucht. Bei uns ist immer etwas los . . .\u00a0<\/p>\t\t\t\t\t\t\t\t<\/div>\n\t\t\t\t<\/div>\n\t\t\t\t<div class=\"elementor-element elementor-element-793e631 elementor-widget-divider--view-line elementor-widget elementor-widget-divider\" data-id=\"793e631\" data-element_type=\"widget\" data-e-type=\"widget\" data-widget_type=\"divider.default\">\n\t\t\t\t<div class=\"elementor-widget-container\">\n\t\t\t\t\t\t\t<div class=\"elementor-divider\">\n\t\t\t<span class=\"elementor-divider-separator\">\n\t\t\t\t\t\t<\/span>\n\t\t<\/div>\n\t\t\t\t\t\t<\/div>\n\t\t\t\t<\/div>\n\t\t\t\t<div class=\"elementor-element elementor-element-c863beb elementor-widget elementor-widget-heading\" data-id=\"c863beb\" data-element_type=\"widget\" data-e-type=\"widget\" data-widget_type=\"heading.default\">\n\t\t\t\t<div class=\"elementor-widget-container\">\n\t\t\t\t\t<h2 class=\"elementor-heading-title elementor-size-default\">Das k\u00f6nnte Ihnen auch gefallen . . . <\/h2>\t\t\t\t<\/div>\n\t\t\t\t<\/div>\n\t\t\t\t<section class=\"elementor-section elementor-inner-section elementor-element elementor-element-446fe2f elementor-section-full_width elementor-section-height-default elementor-section-height-default\" data-id=\"446fe2f\" data-element_type=\"section\" data-e-type=\"section\">\n\t\t\t\t\t\t<div class=\"elementor-container elementor-column-gap-default\">\n\t\t\t\t\t<div class=\"elementor-column elementor-col-25 elementor-inner-column elementor-element elementor-element-1b431fd\" data-id=\"1b431fd\" data-element_type=\"column\" data-e-type=\"column\">\n\t\t\t<div class=\"elementor-widget-wrap elementor-element-populated\">\n\t\t\t\t\t\t<div class=\"elementor-element elementor-element-50fadd7 elementor-widget elementor-widget-image\" data-id=\"50fadd7\" data-element_type=\"widget\" data-e-type=\"widget\" data-widget_type=\"image.default\">\n\t\t\t\t<div class=\"elementor-widget-container\">\n\t\t\t\t\t\t\t\t\t\t\t\t\t\t\t<img fetchpriority=\"high\" decoding=\"async\" width=\"800\" height=\"450\" src=\"https:\/\/fewo-kohrt-ostsee.de\/wp-content\/uploads\/2023\/06\/Wallpaper-800x450.jpg\" class=\"attachment-ocean-thumb-ml size-ocean-thumb-ml wp-image-1585\" alt=\"\" \/>\t\t\t\t\t\t\t\t\t\t\t\t\t\t\t<\/div>\n\t\t\t\t<\/div>\n\t\t\t\t<div class=\"elementor-element elementor-element-2c4b681 elementor-widget elementor-widget-text-editor\" data-id=\"2c4b681\" data-element_type=\"widget\" data-e-type=\"widget\" data-widget_type=\"text-editor.default\">\n\t\t\t\t<div class=\"elementor-widget-container\">\n\t\t\t\t\t\t\t\t\t<p>Das Internationale Naturfilmfestival GREEN SCREEN ist das popul\u00e4rste\u00a0Festival f\u00fcr Naturdokumentationen<a class=\"external-link-new-window\" title=\"Opens internal link in current window\" href=\"https:\/\/www.greenscreen-festival.de\/festival\/\" target=\"_blank\" rel=\"noopener\">\u00a0<\/a>in Europa und wichtiger internationaler Branchentreff f\u00fcr Fachbesucher. Zu den Festivaltagen vom <strong>09<\/strong><b>. bis 13. September<\/b>\u00a0<b>2026<\/b>\u00a0werden neben vielen tausend Besuchern \u00fcber 200 Filmemacher und Produzenten aus aller Welt erwartet.\u00a0<\/p>\t\t\t\t\t\t\t\t<\/div>\n\t\t\t\t<\/div>\n\t\t\t\t<div class=\"elementor-element elementor-element-6286d0e elementor-align-center elementor-widget elementor-widget-button\" data-id=\"6286d0e\" data-element_type=\"widget\" data-e-type=\"widget\" data-widget_type=\"button.default\">\n\t\t\t\t<div class=\"elementor-widget-container\">\n\t\t\t\t\t\t\t\t\t<div class=\"elementor-button-wrapper\">\n\t\t\t\t\t<a class=\"elementor-button elementor-button-link elementor-size-sm\" href=\"https:\/\/www.greenscreen-festival.de\/\" target=\"_blank\">\n\t\t\t\t\t\t<span class=\"elementor-button-content-wrapper\">\n\t\t\t\t\t\t\t\t\t<span class=\"elementor-button-text\">Website GREEN SCREEN Festival<\/span>\n\t\t\t\t\t<\/span>\n\t\t\t\t\t<\/a>\n\t\t\t\t<\/div>\n\t\t\t\t\t\t\t\t<\/div>\n\t\t\t\t<\/div>\n\t\t\t\t\t<\/div>\n\t\t<\/div>\n\t\t\t\t<div class=\"elementor-column elementor-col-25 elementor-inner-column elementor-element elementor-element-d780d26\" data-id=\"d780d26\" data-element_type=\"column\" data-e-type=\"column\">\n\t\t\t<div class=\"elementor-widget-wrap elementor-element-populated\">\n\t\t\t\t\t\t<div class=\"elementor-element elementor-element-1cdc1ea elementor-widget elementor-widget-image\" data-id=\"1cdc1ea\" data-element_type=\"widget\" data-e-type=\"widget\" data-widget_type=\"image.default\">\n\t\t\t\t<div class=\"elementor-widget-container\">\n\t\t\t\t\t\t\t\t\t\t\t\t\t\t\t<img decoding=\"async\" width=\"800\" height=\"450\" src=\"https:\/\/fewo-kohrt-ostsee.de\/wp-content\/uploads\/2022\/12\/DSCF1275-1-800x450.jpg\" class=\"attachment-ocean-thumb-ml size-ocean-thumb-ml wp-image-1193\" alt=\"\" srcset=\"https:\/\/fewo-kohrt-ostsee.de\/wp-content\/uploads\/2022\/12\/DSCF1275-1-800x450.jpg 800w, https:\/\/fewo-kohrt-ostsee.de\/wp-content\/uploads\/2022\/12\/DSCF1275-1-300x169.jpg 300w, https:\/\/fewo-kohrt-ostsee.de\/wp-content\/uploads\/2022\/12\/DSCF1275-1-768x432.jpg 768w, https:\/\/fewo-kohrt-ostsee.de\/wp-content\/uploads\/2022\/12\/DSCF1275-1.jpg 1024w\" sizes=\"(max-width: 800px) 100vw, 800px\" \/>\t\t\t\t\t\t\t\t\t\t\t\t\t\t\t<\/div>\n\t\t\t\t<\/div>\n\t\t\t\t<div class=\"elementor-element elementor-element-2a9d011 elementor-widget elementor-widget-text-editor\" data-id=\"2a9d011\" data-element_type=\"widget\" data-e-type=\"widget\" data-widget_type=\"text-editor.default\">\n\t\t\t\t<div class=\"elementor-widget-container\">\n\t\t\t\t\t\t\t\t\t<p>Ob &#8222;Rock am Strand&#8220; oder <a href=\"https:\/\/www.pop-am-strand.de\/\">R.SH Pop am Strand<\/a>&#8222;, im Sommer geht am Eckernf\u00f6rder Strand die Post ab. Nach Rod Stewart, Joe Cocker, The Boss Hoss und vielen anderen namenhaften K\u00fcnstlern, wird es auch 2026 wieder mehrere tolle Partys geben:<\/p><div class=\"Y3BBE\" data-sfc-cp=\"\" data-hveid=\"CAIQAA\" data-processed=\"true\"><strong class=\"Yjhzub\" data-processed=\"true\">Die Highlights 2026:<\/strong><button class=\"rBl3me\" tabindex=\"0\" data-amic=\"true\" data-icl-uuid=\"f384c0aa-6519-44b4-84c7-cc11ab1e4fe3\" aria-label=\"Zugeh\u00f6rige Links ansehen\" data-wiz-attrbind=\"disabled=ck5sic_r\/C5gNJc;class=ck5sic_r\/UpSNec;\" data-ved=\"2ahUKEwj09e-YgvWRAxVKBdsEHRgCAdgQye0OegQIAhAB\" data-processed=\"true\"><\/button><\/div><ul class=\"KsbFXc U6u95\" data-processed=\"true\"><li data-hveid=\"CAMQAA\" data-processed=\"true\"><span class=\"T286Pc\" data-sfc-cp=\"\" data-processed=\"true\"><strong class=\"Yjhzub\" data-processed=\"true\">Freitag, 3. Juli 2026:<\/strong>\u00a0<br \/><strong class=\"Yjhzub\" data-processed=\"true\">The BossHoss<\/strong><\/span><\/li><li data-hveid=\"CAMQAQ\" data-processed=\"true\"><span class=\"T286Pc\" data-sfc-cp=\"\" data-processed=\"true\"><strong class=\"Yjhzub\" data-processed=\"true\">Samstag, 4. Juli 2026:<\/strong>\u00a0<br \/><strong class=\"Yjhzub\" data-processed=\"true\">Ahoi Radio Bollerwagen<\/strong><\/span><\/li><li data-hveid=\"CAMQAg\" data-processed=\"true\"><span class=\"T286Pc\" data-sfc-cp=\"\" data-processed=\"true\"><strong class=\"Yjhzub\" data-processed=\"true\">Sonntag, 5. Juli 2026:<\/strong>\u00a0<br \/><strong class=\"Yjhzub\" data-processed=\"true\">Wincent Weiss<\/strong><\/span><\/li><\/ul>\t\t\t\t\t\t\t\t<\/div>\n\t\t\t\t<\/div>\n\t\t\t\t\t<\/div>\n\t\t<\/div>\n\t\t\t\t<div class=\"elementor-column elementor-col-25 elementor-inner-column elementor-element elementor-element-eae7ec4\" data-id=\"eae7ec4\" data-element_type=\"column\" data-e-type=\"column\">\n\t\t\t<div class=\"elementor-widget-wrap elementor-element-populated\">\n\t\t\t\t\t\t<div class=\"elementor-element elementor-element-72b521a elementor-widget elementor-widget-image\" data-id=\"72b521a\" data-element_type=\"widget\" data-e-type=\"widget\" data-widget_type=\"image.default\">\n\t\t\t\t<div class=\"elementor-widget-container\">\n\t\t\t\t\t\t\t\t\t\t\t\t\t\t\t<img decoding=\"async\" width=\"1024\" height=\"576\" src=\"https:\/\/fewo-kohrt-ostsee.de\/wp-content\/uploads\/2022\/12\/OY_6990.jpg\" class=\"attachment-large size-large wp-image-1194\" alt=\"\" srcset=\"https:\/\/fewo-kohrt-ostsee.de\/wp-content\/uploads\/2022\/12\/OY_6990.jpg 1024w, https:\/\/fewo-kohrt-ostsee.de\/wp-content\/uploads\/2022\/12\/OY_6990-300x169.jpg 300w, https:\/\/fewo-kohrt-ostsee.de\/wp-content\/uploads\/2022\/12\/OY_6990-768x432.jpg 768w, https:\/\/fewo-kohrt-ostsee.de\/wp-content\/uploads\/2022\/12\/OY_6990-800x450.jpg 800w\" sizes=\"(max-width: 1024px) 100vw, 1024px\" \/>\t\t\t\t\t\t\t\t\t\t\t\t\t\t\t<\/div>\n\t\t\t\t<\/div>\n\t\t\t\t<div class=\"elementor-element elementor-element-45e03a6 elementor-widget elementor-widget-text-editor\" data-id=\"45e03a6\" data-element_type=\"widget\" data-e-type=\"widget\" data-widget_type=\"text-editor.default\">\n\t\t\t\t<div class=\"elementor-widget-container\">\n\t\t\t\t\t\t\t\t\t<p>Die traditionelle <strong>Aalregatta<\/strong> kann auch inoffiziell als Er\u00f6ffnungsregatta der Kieler Woche bezeichnet werden. Am Samstag kommen die Segler in den Eckernf\u00f6rder Hafen, bei Musik und K\u00f6stlichkeiten kann Abends gefeiert werden. Der Sieger der Regatta gewinnt tats\u00e4chlich einen Aal! Am Sonntagmorgen geht es wieder zur\u00fcck nach Kiel.\u00a0<\/p><p><strong>&#8222;Safe the date&#8220; &#8211; 20. bis 28. Juni 2026 KIELER WOCHE<\/strong><\/p>\t\t\t\t\t\t\t\t<\/div>\n\t\t\t\t<\/div>\n\t\t\t\t\t<\/div>\n\t\t<\/div>\n\t\t\t\t<div class=\"elementor-column elementor-col-25 elementor-inner-column elementor-element elementor-element-fb2cc3c\" data-id=\"fb2cc3c\" data-element_type=\"column\" data-e-type=\"column\">\n\t\t\t<div class=\"elementor-widget-wrap elementor-element-populated\">\n\t\t\t\t\t\t<div class=\"elementor-element elementor-element-106847e elementor-widget elementor-widget-image\" data-id=\"106847e\" data-element_type=\"widget\" data-e-type=\"widget\" data-widget_type=\"image.default\">\n\t\t\t\t<div class=\"elementor-widget-container\">\n\t\t\t\t\t\t\t\t\t\t\t\t\t\t\t<img loading=\"lazy\" decoding=\"async\" width=\"1024\" height=\"576\" src=\"https:\/\/fewo-kohrt-ostsee.de\/wp-content\/uploads\/2022\/12\/DSC05432-Bearbeitet.jpg\" class=\"attachment-large size-large wp-image-982\" alt=\"\" srcset=\"https:\/\/fewo-kohrt-ostsee.de\/wp-content\/uploads\/2022\/12\/DSC05432-Bearbeitet.jpg 1024w, https:\/\/fewo-kohrt-ostsee.de\/wp-content\/uploads\/2022\/12\/DSC05432-Bearbeitet-300x169.jpg 300w, https:\/\/fewo-kohrt-ostsee.de\/wp-content\/uploads\/2022\/12\/DSC05432-Bearbeitet-768x432.jpg 768w, https:\/\/fewo-kohrt-ostsee.de\/wp-content\/uploads\/2022\/12\/DSC05432-Bearbeitet-800x450.jpg 800w\" sizes=\"(max-width: 1024px) 100vw, 1024px\" \/>\t\t\t\t\t\t\t\t\t\t\t\t\t\t\t<\/div>\n\t\t\t\t<\/div>\n\t\t\t\t<div class=\"elementor-element elementor-element-0693d2b elementor-widget elementor-widget-text-editor\" data-id=\"0693d2b\" data-element_type=\"widget\" data-e-type=\"widget\" data-widget_type=\"text-editor.default\">\n\t\t\t\t<div class=\"elementor-widget-container\">\n\t\t\t\t\t\t\t\t\t<p>Sie wollen Ihren Tauchschein machen oder einfach nur mal so, die Ostsee unter Wasser erkunden? Kein Problem! Die Tauchschule &#8222;Tauchen und Meer&#8220; um Tauchlehrer Thorsten Peuster, ist immer einsatzbereit und freut sich darauf, Sie bei bei Ihrem Vorhaben fachkundig zu unterst\u00fctzen.<\/p>\t\t\t\t\t\t\t\t<\/div>\n\t\t\t\t<\/div>\n\t\t\t\t<div class=\"elementor-element elementor-element-66391e1 elementor-align-center elementor-widget elementor-widget-button\" data-id=\"66391e1\" data-element_type=\"widget\" data-e-type=\"widget\" data-widget_type=\"button.default\">\n\t\t\t\t<div class=\"elementor-widget-container\">\n\t\t\t\t\t\t\t\t\t<div class=\"elementor-button-wrapper\">\n\t\t\t\t\t<a class=\"elementor-button elementor-button-link elementor-size-sm\" href=\"https:\/\/www.tauchenundmeer.net\/\" target=\"_blank\">\n\t\t\t\t\t\t<span class=\"elementor-button-content-wrapper\">\n\t\t\t\t\t\t\t\t\t<span class=\"elementor-button-text\">Website \"Tauchen und Meer\"<\/span>\n\t\t\t\t\t<\/span>\n\t\t\t\t\t<\/a>\n\t\t\t\t<\/div>\n\t\t\t\t\t\t\t\t<\/div>\n\t\t\t\t<\/div>\n\t\t\t\t\t<\/div>\n\t\t<\/div>\n\t\t\t\t\t<\/div>\n\t\t<\/section>\n\t\t\t\t<div class=\"elementor-element elementor-element-9d7d9ba elementor-widget-divider--view-line elementor-widget elementor-widget-divider\" data-id=\"9d7d9ba\" data-element_type=\"widget\" data-e-type=\"widget\" data-widget_type=\"divider.default\">\n\t\t\t\t<div class=\"elementor-widget-container\">\n\t\t\t\t\t\t\t<div class=\"elementor-divider\">\n\t\t\t<span class=\"elementor-divider-separator\">\n\t\t\t\t\t\t<\/span>\n\t\t<\/div>\n\t\t\t\t\t\t<\/div>\n\t\t\t\t<\/div>\n\t\t\t\t<div class=\"elementor-element elementor-element-e6bedd6 elementor-widget elementor-widget-heading\" data-id=\"e6bedd6\" data-element_type=\"widget\" data-e-type=\"widget\" data-widget_type=\"heading.default\">\n\t\t\t\t<div class=\"elementor-widget-container\">\n\t\t\t\t\t<h2 class=\"elementor-heading-title elementor-size-default\">Eckernf\u00f6rder\u00a0 Impressionen\u00a0<\/h2>\t\t\t\t<\/div>\n\t\t\t\t<\/div>\n\t\t\t\t<div class=\"elementor-element elementor-element-05abcdb elementor-widget elementor-widget-gallery\" data-id=\"05abcdb\" data-element_type=\"widget\" data-e-type=\"widget\" data-settings=\"{&quot;gallery_layout&quot;:&quot;justified&quot;,&quot;ideal_row_height&quot;:{&quot;unit&quot;:&quot;px&quot;,&quot;size&quot;:150,&quot;sizes&quot;:[]},&quot;gap&quot;:{&quot;unit&quot;:&quot;px&quot;,&quot;size&quot;:5,&quot;sizes&quot;:[]},&quot;lazyload&quot;:&quot;yes&quot;,&quot;ideal_row_height_tablet&quot;:{&quot;unit&quot;:&quot;px&quot;,&quot;size&quot;:150,&quot;sizes&quot;:[]},&quot;ideal_row_height_mobile&quot;:{&quot;unit&quot;:&quot;px&quot;,&quot;size&quot;:150,&quot;sizes&quot;:[]},&quot;gap_tablet&quot;:{&quot;unit&quot;:&quot;px&quot;,&quot;size&quot;:10,&quot;sizes&quot;:[]},&quot;gap_mobile&quot;:{&quot;unit&quot;:&quot;px&quot;,&quot;size&quot;:10,&quot;sizes&quot;:[]},&quot;link_to&quot;:&quot;file&quot;,&quot;content_hover_animation&quot;:&quot;fade-in&quot;}\" data-widget_type=\"gallery.default\">\n\t\t\t\t<div class=\"elementor-widget-container\">\n\t\t\t\t\t\t\t<div class=\"elementor-gallery__container\">\n\t\t\t\t\t\t\t<a class=\"e-gallery-item elementor-gallery-item elementor-animated-content\" href=\"https:\/\/fewo-kohrt-ostsee.de\/wp-content\/uploads\/2022\/12\/DSCF3354-Bearbeitet.jpg\" data-elementor-open-lightbox=\"yes\" data-elementor-lightbox-slideshow=\"05abcdb\" data-e-action-hash=\"#elementor-action%3Aaction%3Dlightbox%26settings%3DeyJpZCI6OTkzLCJ1cmwiOiJodHRwczpcL1wvZmV3by1rb2hydC1vc3RzZWUuZGVcL3dwLWNvbnRlbnRcL3VwbG9hZHNcLzIwMjJcLzEyXC9EU0NGMzM1NC1CZWFyYmVpdGV0LmpwZyIsInNsaWRlc2hvdyI6IjA1YWJjZGIifQ%3D%3D\">\n\t\t\t\t\t<div class=\"e-gallery-image elementor-gallery-item__image\" data-thumbnail=\"https:\/\/fewo-kohrt-ostsee.de\/wp-content\/uploads\/2022\/12\/DSCF3354-Bearbeitet.jpg\" data-width=\"1024\" data-height=\"576\" aria-label=\"\" role=\"img\" ><\/div>\n\t\t\t\t\t\t\t\t\t\t\t\t\t\t<\/a>\n\t\t\t\t\t\t\t<a class=\"e-gallery-item elementor-gallery-item elementor-animated-content\" href=\"https:\/\/fewo-kohrt-ostsee.de\/wp-content\/uploads\/2022\/12\/DSCF1928.jpg\" data-elementor-open-lightbox=\"yes\" data-elementor-lightbox-slideshow=\"05abcdb\" data-e-action-hash=\"#elementor-action%3Aaction%3Dlightbox%26settings%3DeyJpZCI6OTg3LCJ1cmwiOiJodHRwczpcL1wvZmV3by1rb2hydC1vc3RzZWUuZGVcL3dwLWNvbnRlbnRcL3VwbG9hZHNcLzIwMjJcLzEyXC9EU0NGMTkyOC5qcGciLCJzbGlkZXNob3ciOiIwNWFiY2RiIn0%3D\">\n\t\t\t\t\t<div class=\"e-gallery-image elementor-gallery-item__image\" data-thumbnail=\"https:\/\/fewo-kohrt-ostsee.de\/wp-content\/uploads\/2022\/12\/DSCF1928.jpg\" data-width=\"1024\" data-height=\"576\" aria-label=\"\" role=\"img\" ><\/div>\n\t\t\t\t\t\t\t\t\t\t\t\t\t\t<\/a>\n\t\t\t\t\t\t\t<a class=\"e-gallery-item elementor-gallery-item elementor-animated-content\" href=\"https:\/\/fewo-kohrt-ostsee.de\/wp-content\/uploads\/2022\/12\/DSCF6467.jpg\" data-elementor-open-lightbox=\"yes\" data-elementor-lightbox-slideshow=\"05abcdb\" data-e-action-hash=\"#elementor-action%3Aaction%3Dlightbox%26settings%3DeyJpZCI6MTAxNiwidXJsIjoiaHR0cHM6XC9cL2Zld28ta29ocnQtb3N0c2VlLmRlXC93cC1jb250ZW50XC91cGxvYWRzXC8yMDIyXC8xMlwvRFNDRjY0NjcuanBnIiwic2xpZGVzaG93IjoiMDVhYmNkYiJ9\">\n\t\t\t\t\t<div class=\"e-gallery-image elementor-gallery-item__image\" data-thumbnail=\"https:\/\/fewo-kohrt-ostsee.de\/wp-content\/uploads\/2022\/12\/DSCF6467.jpg\" data-width=\"1024\" data-height=\"576\" aria-label=\"\" role=\"img\" ><\/div>\n\t\t\t\t\t\t\t\t\t\t\t\t\t\t<\/a>\n\t\t\t\t\t\t\t<a class=\"e-gallery-item elementor-gallery-item elementor-animated-content\" href=\"https:\/\/fewo-kohrt-ostsee.de\/wp-content\/uploads\/2022\/12\/Bearbeitet.jpg\" data-elementor-open-lightbox=\"yes\" data-elementor-lightbox-slideshow=\"05abcdb\" data-e-action-hash=\"#elementor-action%3Aaction%3Dlightbox%26settings%3DeyJpZCI6OTgwLCJ1cmwiOiJodHRwczpcL1wvZmV3by1rb2hydC1vc3RzZWUuZGVcL3dwLWNvbnRlbnRcL3VwbG9hZHNcLzIwMjJcLzEyXC9CZWFyYmVpdGV0LmpwZyIsInNsaWRlc2hvdyI6IjA1YWJjZGIifQ%3D%3D\">\n\t\t\t\t\t<div class=\"e-gallery-image elementor-gallery-item__image\" data-thumbnail=\"https:\/\/fewo-kohrt-ostsee.de\/wp-content\/uploads\/2022\/12\/Bearbeitet.jpg\" data-width=\"1024\" data-height=\"683\" aria-label=\"\" role=\"img\" ><\/div>\n\t\t\t\t\t\t\t\t\t\t\t\t\t\t<\/a>\n\t\t\t\t\t\t\t<a class=\"e-gallery-item elementor-gallery-item elementor-animated-content\" href=\"https:\/\/fewo-kohrt-ostsee.de\/wp-content\/uploads\/2022\/12\/DSCF1275.jpg\" data-elementor-open-lightbox=\"yes\" data-elementor-lightbox-slideshow=\"05abcdb\" data-e-action-hash=\"#elementor-action%3Aaction%3Dlightbox%26settings%3DeyJpZCI6OTg0LCJ1cmwiOiJodHRwczpcL1wvZmV3by1rb2hydC1vc3RzZWUuZGVcL3dwLWNvbnRlbnRcL3VwbG9hZHNcLzIwMjJcLzEyXC9EU0NGMTI3NS5qcGciLCJzbGlkZXNob3ciOiIwNWFiY2RiIn0%3D\">\n\t\t\t\t\t<div class=\"e-gallery-image elementor-gallery-item__image\" data-thumbnail=\"https:\/\/fewo-kohrt-ostsee.de\/wp-content\/uploads\/2022\/12\/DSCF1275.jpg\" data-width=\"1024\" data-height=\"683\" aria-label=\"\" role=\"img\" ><\/div>\n\t\t\t\t\t\t\t\t\t\t\t\t\t\t<\/a>\n\t\t\t\t\t\t\t<a class=\"e-gallery-item elementor-gallery-item elementor-animated-content\" href=\"https:\/\/fewo-kohrt-ostsee.de\/wp-content\/uploads\/2022\/12\/DSCF6450.jpg\" data-elementor-open-lightbox=\"yes\" data-elementor-lightbox-slideshow=\"05abcdb\" data-e-action-hash=\"#elementor-action%3Aaction%3Dlightbox%26settings%3DeyJpZCI6MTAxMywidXJsIjoiaHR0cHM6XC9cL2Zld28ta29ocnQtb3N0c2VlLmRlXC93cC1jb250ZW50XC91cGxvYWRzXC8yMDIyXC8xMlwvRFNDRjY0NTAuanBnIiwic2xpZGVzaG93IjoiMDVhYmNkYiJ9\">\n\t\t\t\t\t<div class=\"e-gallery-image elementor-gallery-item__image\" data-thumbnail=\"https:\/\/fewo-kohrt-ostsee.de\/wp-content\/uploads\/2022\/12\/DSCF6450.jpg\" data-width=\"1024\" data-height=\"576\" aria-label=\"\" role=\"img\" ><\/div>\n\t\t\t\t\t\t\t\t\t\t\t\t\t\t<\/a>\n\t\t\t\t\t\t\t<a class=\"e-gallery-item elementor-gallery-item elementor-animated-content\" href=\"https:\/\/fewo-kohrt-ostsee.de\/wp-content\/uploads\/2022\/12\/DSCF4942.jpg\" data-elementor-open-lightbox=\"yes\" data-elementor-lightbox-slideshow=\"05abcdb\" data-e-action-hash=\"#elementor-action%3Aaction%3Dlightbox%26settings%3DeyJpZCI6MTAwOSwidXJsIjoiaHR0cHM6XC9cL2Zld28ta29ocnQtb3N0c2VlLmRlXC93cC1jb250ZW50XC91cGxvYWRzXC8yMDIyXC8xMlwvRFNDRjQ5NDIuanBnIiwic2xpZGVzaG93IjoiMDVhYmNkYiJ9\">\n\t\t\t\t\t<div class=\"e-gallery-image elementor-gallery-item__image\" data-thumbnail=\"https:\/\/fewo-kohrt-ostsee.de\/wp-content\/uploads\/2022\/12\/DSCF4942.jpg\" data-width=\"1024\" data-height=\"683\" aria-label=\"\" role=\"img\" ><\/div>\n\t\t\t\t\t\t\t\t\t\t\t\t\t\t<\/a>\n\t\t\t\t\t\t\t<a class=\"e-gallery-item elementor-gallery-item elementor-animated-content\" href=\"https:\/\/fewo-kohrt-ostsee.de\/wp-content\/uploads\/2022\/12\/DSCF8938.jpg\" data-elementor-open-lightbox=\"yes\" data-elementor-lightbox-slideshow=\"05abcdb\" data-e-action-hash=\"#elementor-action%3Aaction%3Dlightbox%26settings%3DeyJpZCI6MTAyNywidXJsIjoiaHR0cHM6XC9cL2Zld28ta29ocnQtb3N0c2VlLmRlXC93cC1jb250ZW50XC91cGxvYWRzXC8yMDIyXC8xMlwvRFNDRjg5MzguanBnIiwic2xpZGVzaG93IjoiMDVhYmNkYiJ9\">\n\t\t\t\t\t<div class=\"e-gallery-image elementor-gallery-item__image\" data-thumbnail=\"https:\/\/fewo-kohrt-ostsee.de\/wp-content\/uploads\/2022\/12\/DSCF8938.jpg\" data-width=\"1024\" data-height=\"683\" aria-label=\"\" role=\"img\" ><\/div>\n\t\t\t\t\t\t\t\t\t\t\t\t\t\t<\/a>\n\t\t\t\t\t\t\t<a class=\"e-gallery-item elementor-gallery-item elementor-animated-content\" href=\"https:\/\/fewo-kohrt-ostsee.de\/wp-content\/uploads\/2022\/12\/DSCF5431.jpg\" data-elementor-open-lightbox=\"yes\" data-elementor-lightbox-slideshow=\"05abcdb\" data-e-action-hash=\"#elementor-action%3Aaction%3Dlightbox%26settings%3DeyJpZCI6MTAxMSwidXJsIjoiaHR0cHM6XC9cL2Zld28ta29ocnQtb3N0c2VlLmRlXC93cC1jb250ZW50XC91cGxvYWRzXC8yMDIyXC8xMlwvRFNDRjU0MzEuanBnIiwic2xpZGVzaG93IjoiMDVhYmNkYiJ9\">\n\t\t\t\t\t<div class=\"e-gallery-image elementor-gallery-item__image\" data-thumbnail=\"https:\/\/fewo-kohrt-ostsee.de\/wp-content\/uploads\/2022\/12\/DSCF5431.jpg\" data-width=\"1024\" data-height=\"683\" aria-label=\"\" role=\"img\" ><\/div>\n\t\t\t\t\t\t\t\t\t\t\t\t\t\t<\/a>\n\t\t\t\t\t\t\t<a class=\"e-gallery-item elementor-gallery-item elementor-animated-content\" href=\"https:\/\/fewo-kohrt-ostsee.de\/wp-content\/uploads\/2022\/12\/DSCF3736.jpg\" data-elementor-open-lightbox=\"yes\" data-elementor-lightbox-slideshow=\"05abcdb\" data-e-action-hash=\"#elementor-action%3Aaction%3Dlightbox%26settings%3DeyJpZCI6OTk3LCJ1cmwiOiJodHRwczpcL1wvZmV3by1rb2hydC1vc3RzZWUuZGVcL3dwLWNvbnRlbnRcL3VwbG9hZHNcLzIwMjJcLzEyXC9EU0NGMzczNi5qcGciLCJzbGlkZXNob3ciOiIwNWFiY2RiIn0%3D\">\n\t\t\t\t\t<div class=\"e-gallery-image elementor-gallery-item__image\" data-thumbnail=\"https:\/\/fewo-kohrt-ostsee.de\/wp-content\/uploads\/2022\/12\/DSCF3736.jpg\" data-width=\"1024\" data-height=\"576\" aria-label=\"\" role=\"img\" ><\/div>\n\t\t\t\t\t\t\t\t\t\t\t\t\t\t<\/a>\n\t\t\t\t\t\t\t<a class=\"e-gallery-item elementor-gallery-item elementor-animated-content\" href=\"https:\/\/fewo-kohrt-ostsee.de\/wp-content\/uploads\/2022\/12\/IMG_3562.jpg\" data-elementor-open-lightbox=\"yes\" data-elementor-lightbox-slideshow=\"05abcdb\" data-e-action-hash=\"#elementor-action%3Aaction%3Dlightbox%26settings%3DeyJpZCI6MTAzNCwidXJsIjoiaHR0cHM6XC9cL2Zld28ta29ocnQtb3N0c2VlLmRlXC93cC1jb250ZW50XC91cGxvYWRzXC8yMDIyXC8xMlwvSU1HXzM1NjIuanBnIiwic2xpZGVzaG93IjoiMDVhYmNkYiJ9\">\n\t\t\t\t\t<div class=\"e-gallery-image elementor-gallery-item__image\" data-thumbnail=\"https:\/\/fewo-kohrt-ostsee.de\/wp-content\/uploads\/2022\/12\/IMG_3562.jpg\" data-width=\"1024\" data-height=\"683\" aria-label=\"\" role=\"img\" ><\/div>\n\t\t\t\t\t\t\t\t\t\t\t\t\t\t<\/a>\n\t\t\t\t\t\t\t<a class=\"e-gallery-item elementor-gallery-item elementor-animated-content\" href=\"https:\/\/fewo-kohrt-ostsee.de\/wp-content\/uploads\/2022\/12\/DSCF4608-Bearbeitet.jpg\" data-elementor-open-lightbox=\"yes\" data-elementor-lightbox-slideshow=\"05abcdb\" data-e-action-hash=\"#elementor-action%3Aaction%3Dlightbox%26settings%3DeyJpZCI6MTAwMywidXJsIjoiaHR0cHM6XC9cL2Zld28ta29ocnQtb3N0c2VlLmRlXC93cC1jb250ZW50XC91cGxvYWRzXC8yMDIyXC8xMlwvRFNDRjQ2MDgtQmVhcmJlaXRldC5qcGciLCJzbGlkZXNob3ciOiIwNWFiY2RiIn0%3D\">\n\t\t\t\t\t<div class=\"e-gallery-image elementor-gallery-item__image\" data-thumbnail=\"https:\/\/fewo-kohrt-ostsee.de\/wp-content\/uploads\/2022\/12\/DSCF4608-Bearbeitet.jpg\" data-width=\"1024\" data-height=\"576\" aria-label=\"\" role=\"img\" ><\/div>\n\t\t\t\t\t\t\t\t\t\t\t\t\t\t<\/a>\n\t\t\t\t\t\t\t<a class=\"e-gallery-item elementor-gallery-item elementor-animated-content\" href=\"https:\/\/fewo-kohrt-ostsee.de\/wp-content\/uploads\/2022\/12\/DSCF9112.jpg\" data-elementor-open-lightbox=\"yes\" data-elementor-lightbox-slideshow=\"05abcdb\" data-e-action-hash=\"#elementor-action%3Aaction%3Dlightbox%26settings%3DeyJpZCI6MTAyOCwidXJsIjoiaHR0cHM6XC9cL2Zld28ta29ocnQtb3N0c2VlLmRlXC93cC1jb250ZW50XC91cGxvYWRzXC8yMDIyXC8xMlwvRFNDRjkxMTIuanBnIiwic2xpZGVzaG93IjoiMDVhYmNkYiJ9\">\n\t\t\t\t\t<div class=\"e-gallery-image elementor-gallery-item__image\" data-thumbnail=\"https:\/\/fewo-kohrt-ostsee.de\/wp-content\/uploads\/2022\/12\/DSCF9112.jpg\" data-width=\"1024\" data-height=\"683\" aria-label=\"\" role=\"img\" ><\/div>\n\t\t\t\t\t\t\t\t\t\t\t\t\t\t<\/a>\n\t\t\t\t\t\t\t<a class=\"e-gallery-item elementor-gallery-item elementor-animated-content\" href=\"https:\/\/fewo-kohrt-ostsee.de\/wp-content\/uploads\/2022\/12\/DSCF4719.jpg\" data-elementor-open-lightbox=\"yes\" data-elementor-lightbox-slideshow=\"05abcdb\" data-e-action-hash=\"#elementor-action%3Aaction%3Dlightbox%26settings%3DeyJpZCI6MTAwNCwidXJsIjoiaHR0cHM6XC9cL2Zld28ta29ocnQtb3N0c2VlLmRlXC93cC1jb250ZW50XC91cGxvYWRzXC8yMDIyXC8xMlwvRFNDRjQ3MTkuanBnIiwic2xpZGVzaG93IjoiMDVhYmNkYiJ9\">\n\t\t\t\t\t<div class=\"e-gallery-image elementor-gallery-item__image\" data-thumbnail=\"https:\/\/fewo-kohrt-ostsee.de\/wp-content\/uploads\/2022\/12\/DSCF4719.jpg\" data-width=\"1024\" data-height=\"576\" aria-label=\"\" role=\"img\" ><\/div>\n\t\t\t\t\t\t\t\t\t\t\t\t\t\t<\/a>\n\t\t\t\t\t\t\t<a class=\"e-gallery-item elementor-gallery-item elementor-animated-content\" href=\"https:\/\/fewo-kohrt-ostsee.de\/wp-content\/uploads\/2022\/12\/DSCF9274.jpg\" data-elementor-open-lightbox=\"yes\" data-elementor-lightbox-slideshow=\"05abcdb\" data-e-action-hash=\"#elementor-action%3Aaction%3Dlightbox%26settings%3DeyJpZCI6MTAyOSwidXJsIjoiaHR0cHM6XC9cL2Zld28ta29ocnQtb3N0c2VlLmRlXC93cC1jb250ZW50XC91cGxvYWRzXC8yMDIyXC8xMlwvRFNDRjkyNzQuanBnIiwic2xpZGVzaG93IjoiMDVhYmNkYiJ9\">\n\t\t\t\t\t<div class=\"e-gallery-image elementor-gallery-item__image\" data-thumbnail=\"https:\/\/fewo-kohrt-ostsee.de\/wp-content\/uploads\/2022\/12\/DSCF9274.jpg\" data-width=\"1024\" data-height=\"683\" aria-label=\"\" role=\"img\" ><\/div>\n\t\t\t\t\t\t\t\t\t\t\t\t\t\t<\/a>\n\t\t\t\t\t\t\t<a class=\"e-gallery-item elementor-gallery-item elementor-animated-content\" href=\"https:\/\/fewo-kohrt-ostsee.de\/wp-content\/uploads\/2022\/12\/DSCF2212-Bearbeitet.jpg\" data-elementor-open-lightbox=\"yes\" data-elementor-lightbox-slideshow=\"05abcdb\" data-e-action-hash=\"#elementor-action%3Aaction%3Dlightbox%26settings%3DeyJpZCI6OTg5LCJ1cmwiOiJodHRwczpcL1wvZmV3by1rb2hydC1vc3RzZWUuZGVcL3dwLWNvbnRlbnRcL3VwbG9hZHNcLzIwMjJcLzEyXC9EU0NGMjIxMi1CZWFyYmVpdGV0LmpwZyIsInNsaWRlc2hvdyI6IjA1YWJjZGIifQ%3D%3D\">\n\t\t\t\t\t<div class=\"e-gallery-image elementor-gallery-item__image\" data-thumbnail=\"https:\/\/fewo-kohrt-ostsee.de\/wp-content\/uploads\/2022\/12\/DSCF2212-Bearbeitet.jpg\" data-width=\"1024\" data-height=\"576\" aria-label=\"\" role=\"img\" ><\/div>\n\t\t\t\t\t\t\t\t\t\t\t\t\t\t<\/a>\n\t\t\t\t\t\t\t<a class=\"e-gallery-item elementor-gallery-item elementor-animated-content\" href=\"https:\/\/fewo-kohrt-ostsee.de\/wp-content\/uploads\/2022\/12\/DSCF7769-Bearbeitet.jpg\" data-elementor-open-lightbox=\"yes\" data-elementor-lightbox-slideshow=\"05abcdb\" data-e-action-hash=\"#elementor-action%3Aaction%3Dlightbox%26settings%3DeyJpZCI6MTAyNSwidXJsIjoiaHR0cHM6XC9cL2Zld28ta29ocnQtb3N0c2VlLmRlXC93cC1jb250ZW50XC91cGxvYWRzXC8yMDIyXC8xMlwvRFNDRjc3NjktQmVhcmJlaXRldC5qcGciLCJzbGlkZXNob3ciOiIwNWFiY2RiIn0%3D\">\n\t\t\t\t\t<div class=\"e-gallery-image elementor-gallery-item__image\" data-thumbnail=\"https:\/\/fewo-kohrt-ostsee.de\/wp-content\/uploads\/2022\/12\/DSCF7769-Bearbeitet.jpg\" data-width=\"1024\" data-height=\"683\" aria-label=\"\" role=\"img\" ><\/div>\n\t\t\t\t\t\t\t\t\t\t\t\t\t\t<\/a>\n\t\t\t\t\t\t\t<a class=\"e-gallery-item elementor-gallery-item elementor-animated-content\" href=\"https:\/\/fewo-kohrt-ostsee.de\/wp-content\/uploads\/2022\/12\/DSCF3455.jpg\" data-elementor-open-lightbox=\"yes\" data-elementor-lightbox-slideshow=\"05abcdb\" data-e-action-hash=\"#elementor-action%3Aaction%3Dlightbox%26settings%3DeyJpZCI6OTk1LCJ1cmwiOiJodHRwczpcL1wvZmV3by1rb2hydC1vc3RzZWUuZGVcL3dwLWNvbnRlbnRcL3VwbG9hZHNcLzIwMjJcLzEyXC9EU0NGMzQ1NS5qcGciLCJzbGlkZXNob3ciOiIwNWFiY2RiIn0%3D\">\n\t\t\t\t\t<div class=\"e-gallery-image elementor-gallery-item__image\" data-thumbnail=\"https:\/\/fewo-kohrt-ostsee.de\/wp-content\/uploads\/2022\/12\/DSCF3455.jpg\" data-width=\"1024\" data-height=\"576\" aria-label=\"\" role=\"img\" ><\/div>\n\t\t\t\t\t\t\t\t\t\t\t\t\t\t<\/a>\n\t\t\t\t\t\t\t<a class=\"e-gallery-item elementor-gallery-item elementor-animated-content\" href=\"https:\/\/fewo-kohrt-ostsee.de\/wp-content\/uploads\/2022\/12\/DSCF5430.jpg\" data-elementor-open-lightbox=\"yes\" data-elementor-lightbox-slideshow=\"05abcdb\" data-e-action-hash=\"#elementor-action%3Aaction%3Dlightbox%26settings%3DeyJpZCI6MTAxMCwidXJsIjoiaHR0cHM6XC9cL2Zld28ta29ocnQtb3N0c2VlLmRlXC93cC1jb250ZW50XC91cGxvYWRzXC8yMDIyXC8xMlwvRFNDRjU0MzAuanBnIiwic2xpZGVzaG93IjoiMDVhYmNkYiJ9\">\n\t\t\t\t\t<div class=\"e-gallery-image elementor-gallery-item__image\" data-thumbnail=\"https:\/\/fewo-kohrt-ostsee.de\/wp-content\/uploads\/2022\/12\/DSCF5430.jpg\" data-width=\"1024\" data-height=\"576\" aria-label=\"\" role=\"img\" ><\/div>\n\t\t\t\t\t\t\t\t\t\t\t\t\t\t<\/a>\n\t\t\t\t\t\t\t<a class=\"e-gallery-item elementor-gallery-item elementor-animated-content\" href=\"https:\/\/fewo-kohrt-ostsee.de\/wp-content\/uploads\/2022\/12\/DSCF7718-Bearbeitet.jpg\" data-elementor-open-lightbox=\"yes\" data-elementor-lightbox-slideshow=\"05abcdb\" data-e-action-hash=\"#elementor-action%3Aaction%3Dlightbox%26settings%3DeyJpZCI6MTAyNCwidXJsIjoiaHR0cHM6XC9cL2Zld28ta29ocnQtb3N0c2VlLmRlXC93cC1jb250ZW50XC91cGxvYWRzXC8yMDIyXC8xMlwvRFNDRjc3MTgtQmVhcmJlaXRldC5qcGciLCJzbGlkZXNob3ciOiIwNWFiY2RiIn0%3D\">\n\t\t\t\t\t<div class=\"e-gallery-image elementor-gallery-item__image\" data-thumbnail=\"https:\/\/fewo-kohrt-ostsee.de\/wp-content\/uploads\/2022\/12\/DSCF7718-Bearbeitet.jpg\" data-width=\"1024\" data-height=\"576\" aria-label=\"\" role=\"img\" ><\/div>\n\t\t\t\t\t\t\t\t\t\t\t\t\t\t<\/a>\n\t\t\t\t\t\t\t<a class=\"e-gallery-item elementor-gallery-item elementor-animated-content\" href=\"https:\/\/fewo-kohrt-ostsee.de\/wp-content\/uploads\/2022\/12\/DSCF2088.jpg\" data-elementor-open-lightbox=\"yes\" data-elementor-lightbox-slideshow=\"05abcdb\" data-e-action-hash=\"#elementor-action%3Aaction%3Dlightbox%26settings%3DeyJpZCI6OTg4LCJ1cmwiOiJodHRwczpcL1wvZmV3by1rb2hydC1vc3RzZWUuZGVcL3dwLWNvbnRlbnRcL3VwbG9hZHNcLzIwMjJcLzEyXC9EU0NGMjA4OC5qcGciLCJzbGlkZXNob3ciOiIwNWFiY2RiIn0%3D\">\n\t\t\t\t\t<div class=\"e-gallery-image elementor-gallery-item__image\" data-thumbnail=\"https:\/\/fewo-kohrt-ostsee.de\/wp-content\/uploads\/2022\/12\/DSCF2088.jpg\" data-width=\"1024\" data-height=\"576\" aria-label=\"\" role=\"img\" ><\/div>\n\t\t\t\t\t\t\t\t\t\t\t\t\t\t<\/a>\n\t\t\t\t\t\t\t<a class=\"e-gallery-item elementor-gallery-item elementor-animated-content\" href=\"https:\/\/fewo-kohrt-ostsee.de\/wp-content\/uploads\/2022\/12\/DSCF6454.jpg\" data-elementor-open-lightbox=\"yes\" data-elementor-lightbox-slideshow=\"05abcdb\" data-e-action-hash=\"#elementor-action%3Aaction%3Dlightbox%26settings%3DeyJpZCI6MTAxNSwidXJsIjoiaHR0cHM6XC9cL2Zld28ta29ocnQtb3N0c2VlLmRlXC93cC1jb250ZW50XC91cGxvYWRzXC8yMDIyXC8xMlwvRFNDRjY0NTQuanBnIiwic2xpZGVzaG93IjoiMDVhYmNkYiJ9\">\n\t\t\t\t\t<div class=\"e-gallery-image elementor-gallery-item__image\" data-thumbnail=\"https:\/\/fewo-kohrt-ostsee.de\/wp-content\/uploads\/2022\/12\/DSCF6454.jpg\" data-width=\"768\" data-height=\"1024\" aria-label=\"\" role=\"img\" ><\/div>\n\t\t\t\t\t\t\t\t\t\t\t\t\t\t<\/a>\n\t\t\t\t\t\t\t<a class=\"e-gallery-item elementor-gallery-item elementor-animated-content\" href=\"https:\/\/fewo-kohrt-ostsee.de\/wp-content\/uploads\/2022\/12\/DSCF4797.jpg\" data-elementor-open-lightbox=\"yes\" data-elementor-lightbox-slideshow=\"05abcdb\" data-e-action-hash=\"#elementor-action%3Aaction%3Dlightbox%26settings%3DeyJpZCI6MTAwNiwidXJsIjoiaHR0cHM6XC9cL2Zld28ta29ocnQtb3N0c2VlLmRlXC93cC1jb250ZW50XC91cGxvYWRzXC8yMDIyXC8xMlwvRFNDRjQ3OTcuanBnIiwic2xpZGVzaG93IjoiMDVhYmNkYiJ9\">\n\t\t\t\t\t<div class=\"e-gallery-image elementor-gallery-item__image\" data-thumbnail=\"https:\/\/fewo-kohrt-ostsee.de\/wp-content\/uploads\/2022\/12\/DSCF4797.jpg\" data-width=\"1024\" data-height=\"683\" aria-label=\"\" role=\"img\" ><\/div>\n\t\t\t\t\t\t\t\t\t\t\t\t\t\t<\/a>\n\t\t\t\t\t\t\t<a class=\"e-gallery-item elementor-gallery-item elementor-animated-content\" href=\"https:\/\/fewo-kohrt-ostsee.de\/wp-content\/uploads\/2022\/12\/DSCF2402-Bearbeitet.jpg\" data-elementor-open-lightbox=\"yes\" data-elementor-lightbox-slideshow=\"05abcdb\" data-e-action-hash=\"#elementor-action%3Aaction%3Dlightbox%26settings%3DeyJpZCI6OTkxLCJ1cmwiOiJodHRwczpcL1wvZmV3by1rb2hydC1vc3RzZWUuZGVcL3dwLWNvbnRlbnRcL3VwbG9hZHNcLzIwMjJcLzEyXC9EU0NGMjQwMi1CZWFyYmVpdGV0LmpwZyIsInNsaWRlc2hvdyI6IjA1YWJjZGIifQ%3D%3D\">\n\t\t\t\t\t<div class=\"e-gallery-image elementor-gallery-item__image\" data-thumbnail=\"https:\/\/fewo-kohrt-ostsee.de\/wp-content\/uploads\/2022\/12\/DSCF2402-Bearbeitet.jpg\" data-width=\"1024\" data-height=\"683\" aria-label=\"\" role=\"img\" ><\/div>\n\t\t\t\t\t\t\t\t\t\t\t\t\t\t<\/a>\n\t\t\t\t\t\t\t<a class=\"e-gallery-item elementor-gallery-item elementor-animated-content\" href=\"https:\/\/fewo-kohrt-ostsee.de\/wp-content\/uploads\/2022\/12\/DSCF4772.jpg\" data-elementor-open-lightbox=\"yes\" data-elementor-lightbox-slideshow=\"05abcdb\" data-e-action-hash=\"#elementor-action%3Aaction%3Dlightbox%26settings%3DeyJpZCI6MTAwNSwidXJsIjoiaHR0cHM6XC9cL2Zld28ta29ocnQtb3N0c2VlLmRlXC93cC1jb250ZW50XC91cGxvYWRzXC8yMDIyXC8xMlwvRFNDRjQ3NzIuanBnIiwic2xpZGVzaG93IjoiMDVhYmNkYiJ9\">\n\t\t\t\t\t<div class=\"e-gallery-image elementor-gallery-item__image\" data-thumbnail=\"https:\/\/fewo-kohrt-ostsee.de\/wp-content\/uploads\/2022\/12\/DSCF4772.jpg\" data-width=\"1024\" data-height=\"576\" aria-label=\"\" role=\"img\" ><\/div>\n\t\t\t\t\t\t\t\t\t\t\t\t\t\t<\/a>\n\t\t\t\t\t\t\t<a class=\"e-gallery-item elementor-gallery-item elementor-animated-content\" href=\"https:\/\/fewo-kohrt-ostsee.de\/wp-content\/uploads\/2022\/12\/DSCF2218.jpg\" data-elementor-open-lightbox=\"yes\" data-elementor-lightbox-slideshow=\"05abcdb\" data-e-action-hash=\"#elementor-action%3Aaction%3Dlightbox%26settings%3DeyJpZCI6OTkwLCJ1cmwiOiJodHRwczpcL1wvZmV3by1rb2hydC1vc3RzZWUuZGVcL3dwLWNvbnRlbnRcL3VwbG9hZHNcLzIwMjJcLzEyXC9EU0NGMjIxOC5qcGciLCJzbGlkZXNob3ciOiIwNWFiY2RiIn0%3D\">\n\t\t\t\t\t<div class=\"e-gallery-image elementor-gallery-item__image\" data-thumbnail=\"https:\/\/fewo-kohrt-ostsee.de\/wp-content\/uploads\/2022\/12\/DSCF2218.jpg\" data-width=\"1024\" data-height=\"576\" aria-label=\"\" role=\"img\" ><\/div>\n\t\t\t\t\t\t\t\t\t\t\t\t\t\t<\/a>\n\t\t\t\t\t\t\t<a class=\"e-gallery-item elementor-gallery-item elementor-animated-content\" href=\"https:\/\/fewo-kohrt-ostsee.de\/wp-content\/uploads\/2022\/12\/DSCF1527.jpg\" data-elementor-open-lightbox=\"yes\" data-elementor-lightbox-slideshow=\"05abcdb\" data-e-action-hash=\"#elementor-action%3Aaction%3Dlightbox%26settings%3DeyJpZCI6OTg1LCJ1cmwiOiJodHRwczpcL1wvZmV3by1rb2hydC1vc3RzZWUuZGVcL3dwLWNvbnRlbnRcL3VwbG9hZHNcLzIwMjJcLzEyXC9EU0NGMTUyNy5qcGciLCJzbGlkZXNob3ciOiIwNWFiY2RiIn0%3D\">\n\t\t\t\t\t<div class=\"e-gallery-image elementor-gallery-item__image\" data-thumbnail=\"https:\/\/fewo-kohrt-ostsee.de\/wp-content\/uploads\/2022\/12\/DSCF1527.jpg\" data-width=\"683\" data-height=\"1024\" aria-label=\"\" role=\"img\" ><\/div>\n\t\t\t\t\t\t\t\t\t\t\t\t\t\t<\/a>\n\t\t\t\t\t\t\t<a class=\"e-gallery-item elementor-gallery-item elementor-animated-content\" href=\"https:\/\/fewo-kohrt-ostsee.de\/wp-content\/uploads\/2022\/12\/DSCF4454.jpg\" data-elementor-open-lightbox=\"yes\" data-elementor-lightbox-slideshow=\"05abcdb\" data-e-action-hash=\"#elementor-action%3Aaction%3Dlightbox%26settings%3DeyJpZCI6MTAwMiwidXJsIjoiaHR0cHM6XC9cL2Zld28ta29ocnQtb3N0c2VlLmRlXC93cC1jb250ZW50XC91cGxvYWRzXC8yMDIyXC8xMlwvRFNDRjQ0NTQuanBnIiwic2xpZGVzaG93IjoiMDVhYmNkYiJ9\">\n\t\t\t\t\t<div class=\"e-gallery-image elementor-gallery-item__image\" data-thumbnail=\"https:\/\/fewo-kohrt-ostsee.de\/wp-content\/uploads\/2022\/12\/DSCF4454.jpg\" data-width=\"683\" data-height=\"1024\" aria-label=\"\" role=\"img\" ><\/div>\n\t\t\t\t\t\t\t\t\t\t\t\t\t\t<\/a>\n\t\t\t\t\t\t\t<a class=\"e-gallery-item elementor-gallery-item elementor-animated-content\" href=\"https:\/\/fewo-kohrt-ostsee.de\/wp-content\/uploads\/2022\/12\/DSCF6445.jpg\" data-elementor-open-lightbox=\"yes\" data-elementor-lightbox-slideshow=\"05abcdb\" data-e-action-hash=\"#elementor-action%3Aaction%3Dlightbox%26settings%3DeyJpZCI6MTAxMiwidXJsIjoiaHR0cHM6XC9cL2Zld28ta29ocnQtb3N0c2VlLmRlXC93cC1jb250ZW50XC91cGxvYWRzXC8yMDIyXC8xMlwvRFNDRjY0NDUuanBnIiwic2xpZGVzaG93IjoiMDVhYmNkYiJ9\">\n\t\t\t\t\t<div class=\"e-gallery-image elementor-gallery-item__image\" data-thumbnail=\"https:\/\/fewo-kohrt-ostsee.de\/wp-content\/uploads\/2022\/12\/DSCF6445.jpg\" data-width=\"1024\" data-height=\"576\" aria-label=\"\" role=\"img\" ><\/div>\n\t\t\t\t\t\t\t\t\t\t\t\t\t\t<\/a>\n\t\t\t\t\t\t\t<a class=\"e-gallery-item elementor-gallery-item elementor-animated-content\" href=\"https:\/\/fewo-kohrt-ostsee.de\/wp-content\/uploads\/2022\/12\/DSCF7073-Bearbeitet.jpg\" data-elementor-open-lightbox=\"yes\" data-elementor-lightbox-slideshow=\"05abcdb\" data-e-action-hash=\"#elementor-action%3Aaction%3Dlightbox%26settings%3DeyJpZCI6MTAxOCwidXJsIjoiaHR0cHM6XC9cL2Zld28ta29ocnQtb3N0c2VlLmRlXC93cC1jb250ZW50XC91cGxvYWRzXC8yMDIyXC8xMlwvRFNDRjcwNzMtQmVhcmJlaXRldC5qcGciLCJzbGlkZXNob3ciOiIwNWFiY2RiIn0%3D\">\n\t\t\t\t\t<div class=\"e-gallery-image elementor-gallery-item__image\" data-thumbnail=\"https:\/\/fewo-kohrt-ostsee.de\/wp-content\/uploads\/2022\/12\/DSCF7073-Bearbeitet.jpg\" data-width=\"1024\" data-height=\"683\" aria-label=\"\" role=\"img\" ><\/div>\n\t\t\t\t\t\t\t\t\t\t\t\t\t\t<\/a>\n\t\t\t\t\t\t\t<a class=\"e-gallery-item elementor-gallery-item elementor-animated-content\" href=\"https:\/\/fewo-kohrt-ostsee.de\/wp-content\/uploads\/2022\/12\/eck_11_2008.jpg\" data-elementor-open-lightbox=\"yes\" data-elementor-lightbox-slideshow=\"05abcdb\" data-e-action-hash=\"#elementor-action%3Aaction%3Dlightbox%26settings%3DeyJpZCI6MTAzMiwidXJsIjoiaHR0cHM6XC9cL2Zld28ta29ocnQtb3N0c2VlLmRlXC93cC1jb250ZW50XC91cGxvYWRzXC8yMDIyXC8xMlwvZWNrXzExXzIwMDguanBnIiwic2xpZGVzaG93IjoiMDVhYmNkYiJ9\">\n\t\t\t\t\t<div class=\"e-gallery-image elementor-gallery-item__image\" data-thumbnail=\"https:\/\/fewo-kohrt-ostsee.de\/wp-content\/uploads\/2022\/12\/eck_11_2008.jpg\" data-width=\"1024\" data-height=\"683\" aria-label=\"\" role=\"img\" ><\/div>\n\t\t\t\t\t\t\t\t\t\t\t\t\t\t<\/a>\n\t\t\t\t\t\t\t<a class=\"e-gallery-item elementor-gallery-item elementor-animated-content\" href=\"https:\/\/fewo-kohrt-ostsee.de\/wp-content\/uploads\/2022\/12\/DSCF0548-Bearbeitet-Bearbeitet.jpg\" data-elementor-open-lightbox=\"yes\" data-elementor-lightbox-slideshow=\"05abcdb\" data-e-action-hash=\"#elementor-action%3Aaction%3Dlightbox%26settings%3DeyJpZCI6OTgzLCJ1cmwiOiJodHRwczpcL1wvZmV3by1rb2hydC1vc3RzZWUuZGVcL3dwLWNvbnRlbnRcL3VwbG9hZHNcLzIwMjJcLzEyXC9EU0NGMDU0OC1CZWFyYmVpdGV0LUJlYXJiZWl0ZXQuanBnIiwic2xpZGVzaG93IjoiMDVhYmNkYiJ9\">\n\t\t\t\t\t<div class=\"e-gallery-image elementor-gallery-item__image\" data-thumbnail=\"https:\/\/fewo-kohrt-ostsee.de\/wp-content\/uploads\/2022\/12\/DSCF0548-Bearbeitet-Bearbeitet.jpg\" data-width=\"1024\" data-height=\"576\" aria-label=\"\" role=\"img\" ><\/div>\n\t\t\t\t\t\t\t\t\t\t\t\t\t\t<\/a>\n\t\t\t\t\t<\/div>\n\t\t\t\t\t<\/div>\n\t\t\t\t<\/div>\n\t\t\t\t<div class=\"elementor-element elementor-element-33689c2 elementor-widget-divider--view-line elementor-widget elementor-widget-divider\" data-id=\"33689c2\" data-element_type=\"widget\" data-e-type=\"widget\" data-widget_type=\"divider.default\">\n\t\t\t\t<div class=\"elementor-widget-container\">\n\t\t\t\t\t\t\t<div class=\"elementor-divider\">\n\t\t\t<span class=\"elementor-divider-separator\">\n\t\t\t\t\t\t<\/span>\n\t\t<\/div>\n\t\t\t\t\t\t<\/div>\n\t\t\t\t<\/div>\n\t\t\t\t\t<\/div>\n\t\t<\/div>\n\t\t\t\t\t<\/div>\n\t\t<\/section>\n\t\t\t\t<section class=\"elementor-section elementor-top-section elementor-element elementor-element-7c2fa4a8 elementor-section-boxed elementor-section-height-default elementor-section-height-default\" data-id=\"7c2fa4a8\" data-element_type=\"section\" data-e-type=\"section\" data-settings=\"{&quot;background_background&quot;:&quot;classic&quot;}\">\n\t\t\t\t\t\t<div class=\"elementor-container elementor-column-gap-default\">\n\t\t\t\t\t<div class=\"elementor-column elementor-col-100 elementor-top-column elementor-element elementor-element-3b8e381e\" data-id=\"3b8e381e\" data-element_type=\"column\" data-e-type=\"column\">\n\t\t\t<div class=\"elementor-widget-wrap elementor-element-populated\">\n\t\t\t\t\t\t<div class=\"elementor-element elementor-element-6a508828 elementor-widget elementor-widget-text-editor\" data-id=\"6a508828\" data-element_type=\"widget\" data-e-type=\"widget\" data-widget_type=\"text-editor.default\">\n\t\t\t\t<div class=\"elementor-widget-container\">\n\t\t\t\t\t\t\t\t\t<p>Wir freuen uns, wenn Sie mit uns in Kontakt treten m\u00f6chten. Wir werden Ihre Anfrage schnellstm\u00f6glich direkt beantworten.<\/p>\t\t\t\t\t\t\t\t<\/div>\n\t\t\t\t<\/div>\n\t\t\t\t<div class=\"elementor-element elementor-element-49e8502f elementor-button-align-stretch elementor-widget elementor-widget-form\" data-id=\"49e8502f\" data-element_type=\"widget\" data-e-type=\"widget\" data-settings=\"{&quot;step_next_label&quot;:&quot;N\\u00e4chster&quot;,&quot;step_previous_label&quot;:&quot;Voriger&quot;,&quot;button_width&quot;:&quot;100&quot;,&quot;step_type&quot;:&quot;number_text&quot;,&quot;step_icon_shape&quot;:&quot;circle&quot;}\" data-widget_type=\"form.default\">\n\t\t\t\t<div class=\"elementor-widget-container\">\n\t\t\t\t\t\t\t<form class=\"elementor-form\" method=\"post\" name=\"Neues Formular\" aria-label=\"Neues Formular\">\n\t\t\t<input type=\"hidden\" name=\"post_id\" value=\"822\"\/>\n\t\t\t<input type=\"hidden\" name=\"form_id\" value=\"49e8502f\"\/>\n\t\t\t<input type=\"hidden\" name=\"referer_title\" value=\"Eckernf\u00f6rde\" \/>\n\n\t\t\t\t\t\t\t<input type=\"hidden\" name=\"queried_id\" value=\"822\"\/>\n\t\t\t\n\t\t\t<div class=\"elementor-form-fields-wrapper elementor-labels-above\">\n\t\t\t\t\t\t\t\t<div class=\"elementor-field-type-text elementor-field-group elementor-column elementor-field-group-name elementor-col-33\">\n\t\t\t\t\t\t\t\t\t\t\t\t<label for=\"form-field-name\" class=\"elementor-field-label\">\n\t\t\t\t\t\t\t\tName\t\t\t\t\t\t\t<\/label>\n\t\t\t\t\t\t\t\t\t\t\t\t\t\t<input size=\"1\" type=\"text\" name=\"form_fields[name]\" id=\"form-field-name\" class=\"elementor-field elementor-size-sm  elementor-field-textual\" placeholder=\"Name\">\n\t\t\t\t\t\t\t\t\t\t\t<\/div>\n\t\t\t\t\t\t\t\t<div class=\"elementor-field-type-email elementor-field-group elementor-column elementor-field-group-email elementor-col-33 elementor-field-required\">\n\t\t\t\t\t\t\t\t\t\t\t\t<label for=\"form-field-email\" class=\"elementor-field-label\">\n\t\t\t\t\t\t\t\tE-Mail\t\t\t\t\t\t\t<\/label>\n\t\t\t\t\t\t\t\t\t\t\t\t\t\t<input size=\"1\" type=\"email\" name=\"form_fields[email]\" id=\"form-field-email\" class=\"elementor-field elementor-size-sm  elementor-field-textual\" placeholder=\"E-Mail\" required=\"required\">\n\t\t\t\t\t\t\t\t\t\t\t<\/div>\n\t\t\t\t\t\t\t\t<div class=\"elementor-field-type-tel elementor-field-group elementor-column elementor-field-group-field_e0df397 elementor-col-33 elementor-field-required\">\n\t\t\t\t\t\t\t\t\t\t\t\t<label for=\"form-field-field_e0df397\" class=\"elementor-field-label\">\n\t\t\t\t\t\t\t\tTelefon\t\t\t\t\t\t\t<\/label>\n\t\t\t\t\t\t\t\t<input size=\"1\" type=\"tel\" name=\"form_fields[field_e0df397]\" id=\"form-field-field_e0df397\" class=\"elementor-field elementor-size-sm  elementor-field-textual\" placeholder=\"Telefon\" required=\"required\" pattern=\"[0-9()#&amp;+*-=.]+\" title=\"Nur Nummern oder Telefon-Zeichen (#, -, *, etc) werden akzeptiert.\">\n\n\t\t\t\t\t\t<\/div>\n\t\t\t\t\t\t\t\t<div class=\"elementor-field-type-textarea elementor-field-group elementor-column elementor-field-group-message elementor-col-100\">\n\t\t\t\t\t\t\t\t\t\t\t\t<label for=\"form-field-message\" class=\"elementor-field-label\">\n\t\t\t\t\t\t\t\tNachricht\t\t\t\t\t\t\t<\/label>\n\t\t\t\t\t\t<textarea class=\"elementor-field-textual elementor-field  elementor-size-sm\" name=\"form_fields[message]\" id=\"form-field-message\" rows=\"4\" placeholder=\"Nachricht\"><\/textarea>\t\t\t\t<\/div>\n\t\t\t\t\t\t\t\t<div class=\"elementor-field-type-radio elementor-field-group elementor-column elementor-field-group-field_84431a4 elementor-col-100\">\n\t\t\t\t\t\t\t\t\t\t\t\t<label for=\"form-field-field_84431a4\" class=\"elementor-field-label\">\n\t\t\t\t\t\t\t\tF\u00fcr welche Ferienwohnung interessieren Sie sich?\t\t\t\t\t\t\t<\/label>\n\t\t\t\t\t\t<div class=\"elementor-field-subgroup  \"><span class=\"elementor-field-option\"><input type=\"radio\" value=\"FeWo Strandjuwel\" id=\"form-field-field_84431a4-0\" name=\"form_fields[field_84431a4]\"> <label for=\"form-field-field_84431a4-0\">FeWo Strandjuwel<\/label><\/span><span class=\"elementor-field-option\"><input type=\"radio\" value=\"FeWo am G\u00e4nsemarkt\" id=\"form-field-field_84431a4-1\" name=\"form_fields[field_84431a4]\"> <label for=\"form-field-field_84431a4-1\">FeWo am G\u00e4nsemarkt<\/label><\/span><\/div>\t\t\t\t<\/div>\n\t\t\t\t\t\t\t\t<div class=\"elementor-field-type-acceptance elementor-field-group elementor-column elementor-field-group-field_83e8cbd elementor-col-100 elementor-field-required\">\n\t\t\t\t\t\t\t<div class=\"elementor-field-subgroup\">\n\t\t\t<span class=\"elementor-field-option\">\n\t\t\t\t<input type=\"checkbox\" name=\"form_fields[field_83e8cbd]\" id=\"form-field-field_83e8cbd\" class=\"elementor-field elementor-size-sm  elementor-acceptance-field\" required=\"required\">\n\t\t\t\t<label for=\"form-field-field_83e8cbd\">Ich willige ein, dass diese Website meine Informationen speichert, um meine Anfrage beantworten zu k\u00f6nnen. Link zur: <a\nhref=\"https:\/\/fewo-kohrt-ostsee.de\/?page_id=182\"\ntarget=\"_blank\">Datenschutzseite<\/a><\/label>\t\t\t<\/span>\n\t\t<\/div>\n\t\t\t\t\t\t<\/div>\n\t\t\t\t\t\t\t\t<div class=\"elementor-field-type-text\">\n\t\t\t\t\t<input size=\"1\" type=\"text\" name=\"form_fields[field_c506f01]\" id=\"form-field-field_c506f01\" class=\"elementor-field elementor-size-sm \" style=\"display:none !important;\">\t\t\t\t<\/div>\n\t\t\t\t\t\t\t\t<div class=\"elementor-field-type-recaptcha_v3 elementor-field-group elementor-column elementor-field-group-field_f1c93b6 elementor-col-100 recaptcha_v3-bottomright\">\n\t\t\t\t\t<div class=\"elementor-field\" id=\"form-field-field_f1c93b6\"><div class=\"elementor-g-recaptcha\" data-sitekey=\"6Ld3CxYjAAAAAGRJt8Af2eZWfPGl7-eb8kmVOSE3\" data-type=\"v3\" data-action=\"Form\" data-badge=\"bottomright\" data-size=\"invisible\"><\/div><\/div>\t\t\t\t<\/div>\n\t\t\t\t\t\t\t\t<div class=\"elementor-field-group elementor-column elementor-field-type-submit elementor-col-100 e-form__buttons\">\n\t\t\t\t\t<button class=\"elementor-button elementor-size-sm\" type=\"submit\">\n\t\t\t\t\t\t<span class=\"elementor-button-content-wrapper\">\n\t\t\t\t\t\t\t\t\t\t\t\t\t\t\t\t\t\t\t\t\t\t<span class=\"elementor-button-text\">Senden<\/span>\n\t\t\t\t\t\t\t\t\t\t\t\t\t<\/span>\n\t\t\t\t\t<\/button>\n\t\t\t\t<\/div>\n\t\t\t<\/div>\n\t\t<\/form>\n\t\t\t\t\t\t<\/div>\n\t\t\t\t<\/div>\n\t\t\t\t<div class=\"elementor-element elementor-element-6d70860a elementor-widget elementor-widget-text-editor\" data-id=\"6d70860a\" data-element_type=\"widget\" data-e-type=\"widget\" data-widget_type=\"text-editor.default\">\n\t\t\t\t<div class=\"elementor-widget-container\">\n\t\t\t\t\t\t\t\t\t<p>B\u00e4rbel Kohrt\u00a0 I\u00a0 Schiefkoppel 21\u00a0 I\u00a0 \u00a024340 Eckernf\u00f6rde\u00a0 I\u00a0 Telefon: 04351-3965 I Mobil: 0160-5234029<\/p>\t\t\t\t\t\t\t\t<\/div>\n\t\t\t\t<\/div>\n\t\t\t\t<div class=\"elementor-element elementor-element-2c960abb elementor-widget elementor-widget-spacer\" data-id=\"2c960abb\" data-element_type=\"widget\" data-e-type=\"widget\" data-widget_type=\"spacer.default\">\n\t\t\t\t<div class=\"elementor-widget-container\">\n\t\t\t\t\t\t\t<div class=\"elementor-spacer\">\n\t\t\t<div class=\"elementor-spacer-inner\"><\/div>\n\t\t<\/div>\n\t\t\t\t\t\t<\/div>\n\t\t\t\t<\/div>\n\t\t\t\t\t<\/div>\n\t\t<\/div>\n\t\t\t\t\t<\/div>\n\t\t<\/section>\n\t\t\t\t<\/div>\n\t\t","protected":false},"excerpt":{"rendered":"<p>Geniessen Sie Ihren Urlaub an der Ostsee FeWo &#8211; Kohrt &#8211; Eckernf\u00f6rde Aktivit\u00e4ten und Veranstaltungen In und um Eckernf\u00f6rde herum gibt es viel zu Erleben. Der Reiz und das maritime Flair kommt in jeder Jahreszeit zum Tragen und bietet Jung und Alt eine Vielzahl von M\u00f6glichkeiten die Urlaubszeit zu verleben. Die vielen\u00a0verkaufsoffenen Sonn- und Feiertage [&hellip;]<\/p>\n","protected":false},"author":1,"featured_media":0,"parent":0,"menu_order":0,"comment_status":"closed","ping_status":"closed","template":"","meta":{"ocean_post_layout":"full-screen","ocean_both_sidebars_style":"","ocean_both_sidebars_content_width":0,"ocean_both_sidebars_sidebars_width":0,"ocean_sidebar":"0","ocean_second_sidebar":"0","ocean_disable_margins":"enable","ocean_add_body_class":"","ocean_shortcode_before_top_bar":"","ocean_shortcode_after_top_bar":"","ocean_shortcode_before_header":"","ocean_shortcode_after_header":"","ocean_has_shortcode":"","ocean_shortcode_after_title":"","ocean_shortcode_before_footer_widgets":"","ocean_shortcode_after_footer_widgets":"","ocean_shortcode_before_footer_bottom":"","ocean_shortcode_after_footer_bottom":"","ocean_display_top_bar":"off","ocean_display_header":"default","ocean_header_style":"","ocean_center_header_left_menu":"0","ocean_custom_header_template":"0","ocean_custom_logo":0,"ocean_custom_retina_logo":0,"ocean_custom_logo_max_width":0,"ocean_custom_logo_tablet_max_width":0,"ocean_custom_logo_mobile_max_width":0,"ocean_custom_logo_max_height":0,"ocean_custom_logo_tablet_max_height":0,"ocean_custom_logo_mobile_max_height":0,"ocean_header_custom_menu":"0","ocean_menu_typo_font_family":"0","ocean_menu_typo_font_subset":"","ocean_menu_typo_font_size":0,"ocean_menu_typo_font_size_tablet":0,"ocean_menu_typo_font_size_mobile":0,"ocean_menu_typo_font_size_unit":"px","ocean_menu_typo_font_weight":"","ocean_menu_typo_font_weight_tablet":"","ocean_menu_typo_font_weight_mobile":"","ocean_menu_typo_transform":"","ocean_menu_typo_transform_tablet":"","ocean_menu_typo_transform_mobile":"","ocean_menu_typo_line_height":0,"ocean_menu_typo_line_height_tablet":0,"ocean_menu_typo_line_height_mobile":0,"ocean_menu_typo_line_height_unit":"","ocean_menu_typo_spacing":0,"ocean_menu_typo_spacing_tablet":0,"ocean_menu_typo_spacing_mobile":0,"ocean_menu_typo_spacing_unit":"","ocean_menu_link_color":"","ocean_menu_link_color_hover":"","ocean_menu_link_color_active":"","ocean_menu_link_background":"","ocean_menu_link_hover_background":"","ocean_menu_link_active_background":"","ocean_menu_social_links_bg":"","ocean_menu_social_hover_links_bg":"","ocean_menu_social_links_color":"","ocean_menu_social_hover_links_color":"","ocean_disable_title":"on","ocean_disable_heading":"default","ocean_post_title":"","ocean_post_subheading":"","ocean_post_title_style":"","ocean_post_title_background_color":"","ocean_post_title_background":0,"ocean_post_title_bg_image_position":"","ocean_post_title_bg_image_attachment":"","ocean_post_title_bg_image_repeat":"","ocean_post_title_bg_image_size":"","ocean_post_title_height":0,"ocean_post_title_bg_overlay":0.5,"ocean_post_title_bg_overlay_color":"","ocean_disable_breadcrumbs":"default","ocean_breadcrumbs_color":"","ocean_breadcrumbs_separator_color":"","ocean_breadcrumbs_links_color":"","ocean_breadcrumbs_links_hover_color":"","ocean_display_footer_widgets":"default","ocean_display_footer_bottom":"default","ocean_custom_footer_template":"0","footnotes":""},"class_list":["post-822","page","type-page","status-publish","hentry","entry"],"_links":{"self":[{"href":"https:\/\/fewo-kohrt-ostsee.de\/index.php?rest_route=\/wp\/v2\/pages\/822","targetHints":{"allow":["GET"]}}],"collection":[{"href":"https:\/\/fewo-kohrt-ostsee.de\/index.php?rest_route=\/wp\/v2\/pages"}],"about":[{"href":"https:\/\/fewo-kohrt-ostsee.de\/index.php?rest_route=\/wp\/v2\/types\/page"}],"author":[{"embeddable":true,"href":"https:\/\/fewo-kohrt-ostsee.de\/index.php?rest_route=\/wp\/v2\/users\/1"}],"replies":[{"embeddable":true,"href":"https:\/\/fewo-kohrt-ostsee.de\/index.php?rest_route=%2Fwp%2Fv2%2Fcomments&post=822"}],"version-history":[{"count":241,"href":"https:\/\/fewo-kohrt-ostsee.de\/index.php?rest_route=\/wp\/v2\/pages\/822\/revisions"}],"predecessor-version":[{"id":1687,"href":"https:\/\/fewo-kohrt-ostsee.de\/index.php?rest_route=\/wp\/v2\/pages\/822\/revisions\/1687"}],"wp:attachment":[{"href":"https:\/\/fewo-kohrt-ostsee.de\/index.php?rest_route=%2Fwp%2Fv2%2Fmedia&parent=822"}],"curies":[{"name":"wp","href":"https:\/\/api.w.org\/{rel}","templated":true}]}}